{"id":2658,"date":"2024-10-29T09:40:44","date_gmt":"2024-10-29T08:40:44","guid":{"rendered":"https:\/\/www.thermannpro.cz\/?page_id=2658"},"modified":"2024-10-29T09:52:23","modified_gmt":"2024-10-29T08:52:23","slug":"koupelnove-fancoily","status":"publish","type":"page","link":"https:\/\/www.thermannpro.cz\/de\/sortiment\/fancoily\/koupelnove-fancoily\/","title":{"rendered":"Badezimmer-Gebl\u00e4sekonvektoren"},"content":{"rendered":"<div data-elementor-type=\"wp-page\" data-elementor-id=\"2658\" class=\"elementor elementor-2658\">\n\t\t\t\t\t\t\t\t\t<section class=\"elementor-section elementor-top-section elementor-element elementor-element-a2f3eb7 elementor-section-boxed elementor-section-height-default elementor-section-height-default wpr-equal-height-no\" data-id=\"a2f3eb7\" data-element_type=\"section\">\n\t\t\t\t\t\t<div class=\"elementor-container elementor-column-gap-default\">\n\t\t\t\t\t<div class=\"elementor-column elementor-col-100 elementor-top-column elementor-element elementor-element-70153dd\" data-id=\"70153dd\" data-element_type=\"column\" data-settings=\"{&quot;background_background&quot;:&quot;classic&quot;}\">\n\t\t\t<div class=\"elementor-widget-wrap elementor-element-populated\">\n\t\t\t\t\t<div class=\"elementor-background-overlay\"><\/div>\n\t\t\t\t\t\t\t\t<div class=\"elementor-element elementor-element-ed492a7 elementor-invisible elementor-widget elementor-widget-heading\" data-id=\"ed492a7\" data-element_type=\"widget\" data-settings=\"{&quot;_animation&quot;:&quot;fadeInDown&quot;,&quot;_animation_delay&quot;:&quot;100&quot;}\" data-widget_type=\"heading.default\">\n\t\t\t\t<div class=\"elementor-widget-container\">\n\t\t\t<h1 class=\"elementor-heading-title elementor-size-default\">Badezimmer-Gebl\u00e4sekonvektoren<\/h1>\t\t<\/div>\n\t\t\t\t<\/div>\n\t\t\t\t\t<\/div>\n\t\t<\/div>\n\t\t\t\t\t\t\t<\/div>\n\t\t<\/section>\n\t\t\t\t<section class=\"elementor-section elementor-top-section elementor-element elementor-element-f7c662f elementor-section-boxed elementor-section-height-default elementor-section-height-default wpr-equal-height-no\" data-id=\"f7c662f\" data-element_type=\"section\">\n\t\t\t\t\t\t<div class=\"elementor-container elementor-column-gap-default\">\n\t\t\t\t\t<div class=\"elementor-column elementor-col-100 elementor-top-column elementor-element elementor-element-9d785fd\" data-id=\"9d785fd\" data-element_type=\"column\">\n\t\t\t<div class=\"elementor-widget-wrap elementor-element-populated\">\n\t\t\t\t\t\t\t\t<div class=\"elementor-element elementor-element-ab3f038 elementor-invisible elementor-widget elementor-widget-heading\" data-id=\"ab3f038\" data-element_type=\"widget\" data-settings=\"{&quot;_animation&quot;:&quot;fadeIn&quot;}\" data-widget_type=\"heading.default\">\n\t\t\t\t<div class=\"elementor-widget-container\">\n\t\t\t<h2 class=\"elementor-heading-title elementor-size-default\">Warum sollten Sie sich f\u00fcr diesen Ventilatorkonvektortyp entscheiden?<\/h2>\t\t<\/div>\n\t\t\t\t<\/div>\n\t\t\t\t\t<\/div>\n\t\t<\/div>\n\t\t\t\t\t\t\t<\/div>\n\t\t<\/section>\n\t\t\t\t<section class=\"elementor-section elementor-top-section elementor-element elementor-element-aad9ff5 elementor-section-boxed elementor-section-height-default elementor-section-height-default wpr-equal-height-no\" data-id=\"aad9ff5\" data-element_type=\"section\">\n\t\t\t\t\t\t<div class=\"elementor-container elementor-column-gap-default\">\n\t\t\t\t\t<div class=\"elementor-column elementor-col-50 elementor-top-column elementor-element elementor-element-10f23b5\" data-id=\"10f23b5\" data-element_type=\"column\">\n\t\t\t<div class=\"elementor-widget-wrap elementor-element-populated\">\n\t\t\t\t\t\t\t\t<div class=\"elementor-element elementor-element-ed2b364 elementor-widget elementor-widget-text-editor\" data-id=\"ed2b364\" data-element_type=\"widget\" data-widget_type=\"text-editor.default\">\n\t\t\t\t<div class=\"elementor-widget-container\">\n\t\t\t\t\t\t\t<p>Idealer Fan Coil f\u00fcr den Badezimmereinbau dank IPX4-Schutz. Sein Einsatz bedeutet eine Vereinfachung der Wasserkreisl\u00e4ufe, da alle Kreisl\u00e4ufe bei einer niedrigen Wassertemperatur arbeiten.<\/p><p>Es gibt diese Art von Gebl\u00e4sekonvektor <strong>2-3-mal h\u00f6here Leistung als herk\u00f6mmliche Wasserheizk\u00f6rper<\/strong>.<\/p><p>Die Frontplatte besteht aus geh\u00e4rtetem Glas, elektrische Heizfolie in der Frontplatte und Steuerung \u00fcber eine IR-Fernbedienung mit LCD-Display. Die Filter bestehen aus Edelstahl.<\/p>\t\t\t\t\t\t<\/div>\n\t\t\t\t<\/div>\n\t\t\t\t\t<\/div>\n\t\t<\/div>\n\t\t\t\t<div class=\"elementor-column elementor-col-50 elementor-top-column elementor-element elementor-element-2981ae8\" data-id=\"2981ae8\" data-element_type=\"column\">\n\t\t\t<div class=\"elementor-widget-wrap elementor-element-populated\">\n\t\t\t\t\t\t\t\t<div class=\"elementor-element elementor-element-5679ce8 elementor-widget elementor-widget-text-editor\" data-id=\"5679ce8\" data-element_type=\"widget\" data-widget_type=\"text-editor.default\">\n\t\t\t\t<div class=\"elementor-widget-container\">\n\t\t\t\t\t\t\t<ul><li>Heizleistung von: 0,68 \u2013 1,45 kW\/50\u00b0C<\/li><li>K\u00fchlleistung von: 0,43 \u2013 1,2 kW\/ 7-12\u00b0C<\/li><li>Empfohlen f\u00fcr eine Fl\u00e4che bis 20 m2<\/li><li>Extrem leise \u2013 20 dB (A)<\/li><li>Effizienzklasse: A+++<\/li><li>DC-Inverter-Technologie und geringer Stromverbrauch<\/li><\/ul><p>Zubeh\u00f6r: Thermostat, Modell THE-RT (WI-FI + MODBUS)<\/p><p>Hinweis: Durch die Installation von THE-RT wird die IR-Fernbedienungsoption deaktiviert<\/p>\t\t\t\t\t\t<\/div>\n\t\t\t\t<\/div>\n\t\t\t\t\t<\/div>\n\t\t<\/div>\n\t\t\t\t\t\t\t<\/div>\n\t\t<\/section>\n\t\t\t\t<section class=\"elementor-section elementor-top-section elementor-element elementor-element-34be658 elementor-section-boxed elementor-section-height-default elementor-section-height-default wpr-equal-height-no\" data-id=\"34be658\" data-element_type=\"section\">\n\t\t\t\t\t\t<div class=\"elementor-container elementor-column-gap-default\">\n\t\t\t\t\t<div class=\"elementor-column elementor-col-50 elementor-top-column elementor-element elementor-element-4516ba4\" data-id=\"4516ba4\" data-element_type=\"column\" data-settings=\"{&quot;background_background&quot;:&quot;classic&quot;}\">\n\t\t\t<div class=\"elementor-widget-wrap elementor-element-populated\">\n\t\t\t\t\t\t\t\t<div class=\"elementor-element elementor-element-351addf elementor-widget elementor-widget-spacer\" data-id=\"351addf\" data-element_type=\"widget\" data-widget_type=\"spacer.default\">\n\t\t\t\t<div class=\"elementor-widget-container\">\n\t\t\t\t\t<div class=\"elementor-spacer\">\n\t\t\t<div class=\"elementor-spacer-inner\"><\/div>\n\t\t<\/div>\n\t\t\t\t<\/div>\n\t\t\t\t<\/div>\n\t\t\t\t\t<\/div>\n\t\t<\/div>\n\t\t\t\t<div class=\"elementor-column elementor-col-50 elementor-top-column elementor-element elementor-element-47572d8\" data-id=\"47572d8\" data-element_type=\"column\" data-settings=\"{&quot;background_background&quot;:&quot;classic&quot;}\">\n\t\t\t<div class=\"elementor-widget-wrap elementor-element-populated\">\n\t\t\t\t\t\t\t\t<div class=\"elementor-element elementor-element-4316776 elementor-invisible elementor-widget elementor-widget-heading\" data-id=\"4316776\" data-element_type=\"widget\" data-settings=\"{&quot;_animation&quot;:&quot;fadeIn&quot;}\" data-widget_type=\"heading.default\">\n\t\t\t\t<div class=\"elementor-widget-container\">\n\t\t\t<h2 class=\"elementor-heading-title elementor-size-default\">Gebl\u00e4sekonvektor THE-BT200<\/h2>\t\t<\/div>\n\t\t\t\t<\/div>\n\t\t\t\t<div class=\"elementor-element elementor-element-2342c80 elementor-widget elementor-widget-text-editor\" data-id=\"2342c80\" data-element_type=\"widget\" data-widget_type=\"text-editor.default\">\n\t\t\t\t<div class=\"elementor-widget-container\">\n\t\t\t\t\t\t\t<p class=\"p1\">Versorgungsspannung: 230V-1Ph-50Hz<\/p><p class=\"p1\">Verbrauch: 11 W<\/p><p class=\"p1\">K\u00fchlleistung*: 0,43 kW<\/p><p class=\"p1\">Heizleistung**: 0,68 kW<\/p><p class=\"p1\">Luftstrom Min-Max (m3\/h): 72-135<\/p><p class=\"p1\">Strahlungsplatte (W): 95<\/p><p class=\"p1\">Ger\u00e4uschpegel Min-Max dB (A): 19,1 \u2013 34<\/p><p class=\"p1\">Schutzklasse: IPX4<\/p><p class=\"p1\">Nettogewicht (kg): 17<\/p>\t\t\t\t\t\t<\/div>\n\t\t\t\t<\/div>\n\t\t\t\t<div class=\"elementor-element elementor-element-c1911c5 elementor-widget elementor-widget-text-editor\" data-id=\"c1911c5\" data-element_type=\"widget\" data-widget_type=\"text-editor.default\">\n\t\t\t\t<div class=\"elementor-widget-container\">\n\t\t\t\t\t\t\t<p>Gemessen unter folgenden Bedingungen: <br \/>*Raumtemperatur 27 \u00b0C, relative Luftfeuchtigkeit 47% Wassereinlasstemperatur 7 \u00b0C, Wasserauslasstemperatur 12 \u00b0C<br \/>**Raumtemperatur 20 \u00b0C, relative Luftfeuchtigkeit 47% Wassereinlasstemperatur 50 \u00b0C<\/p>\t\t\t\t\t\t<\/div>\n\t\t\t\t<\/div>\n\t\t\t\t<div class=\"elementor-element elementor-element-ffa9f8c elementor-align-center elementor-mobile-align-center elementor-invisible elementor-widget elementor-widget-button\" data-id=\"ffa9f8c\" data-element_type=\"widget\" data-settings=\"{&quot;_animation&quot;:&quot;fadeIn&quot;}\" data-widget_type=\"button.default\">\n\t\t\t\t<div class=\"elementor-widget-container\">\n\t\t\t\t\t<div class=\"elementor-button-wrapper\">\n\t\t\t<a class=\"elementor-button elementor-button-link elementor-size-lg\" href=\"https:\/\/thermannpro.t3.upgates.shop\/p\/nastenny-koupelnovy-fancoil-the-bt200\" target=\"_blank\">\n\t\t\t\t\t\t<span class=\"elementor-button-content-wrapper\">\n\t\t\t\t\t\t<span class=\"elementor-button-text\">Kaufen Sie THE-BT200<\/span>\n\t\t<\/span>\n\t\t\t\t\t<\/a>\n\t\t<\/div>\n\t\t\t\t<\/div>\n\t\t\t\t<\/div>\n\t\t\t\t\t<\/div>\n\t\t<\/div>\n\t\t\t\t\t\t\t<\/div>\n\t\t<\/section>\n\t\t\t\t<section class=\"elementor-section elementor-top-section elementor-element elementor-element-a6ff2c4 elementor-section-boxed elementor-section-height-default elementor-section-height-default wpr-equal-height-no\" data-id=\"a6ff2c4\" data-element_type=\"section\">\n\t\t\t\t\t\t<div class=\"elementor-container elementor-column-gap-default\">\n\t\t\t\t\t<div class=\"elementor-column elementor-col-50 elementor-top-column elementor-element elementor-element-348dc3c\" data-id=\"348dc3c\" data-element_type=\"column\" data-settings=\"{&quot;background_background&quot;:&quot;classic&quot;}\">\n\t\t\t<div class=\"elementor-widget-wrap elementor-element-populated\">\n\t\t\t\t\t\t\t\t<div class=\"elementor-element elementor-element-a623bb4 elementor-invisible elementor-widget elementor-widget-heading\" data-id=\"a623bb4\" data-element_type=\"widget\" data-settings=\"{&quot;_animation&quot;:&quot;fadeIn&quot;}\" data-widget_type=\"heading.default\">\n\t\t\t\t<div class=\"elementor-widget-container\">\n\t\t\t<h2 class=\"elementor-heading-title elementor-size-default\">Gebl\u00e4sekonvektor THE-BT400<\/h2>\t\t<\/div>\n\t\t\t\t<\/div>\n\t\t\t\t<div class=\"elementor-element elementor-element-3e872f5 elementor-widget elementor-widget-text-editor\" data-id=\"3e872f5\" data-element_type=\"widget\" data-widget_type=\"text-editor.default\">\n\t\t\t\t<div class=\"elementor-widget-container\">\n\t\t\t\t\t\t\t<p>Versorgungsspannung: 230V-1Ph-50Hz<\/p><p>Verbrauch: 20 W<\/p><p>K\u00fchlleistung*: 1,20 kW<\/p><p>Heizleistung**: 1,45 kW<\/p><p>Luftstrom Min-Max (m3\/h): 120-225<\/p><p>Strahlungsplatte (W): 150<\/p><p>Ger\u00e4uschpegel Min-Max dB (A): 19,1 \u2013 34<\/p><p>Schutzklasse: IPX4<\/p><p>Nettogewicht (kg): 24<\/p>\t\t\t\t\t\t<\/div>\n\t\t\t\t<\/div>\n\t\t\t\t<div class=\"elementor-element elementor-element-14d3ad1 elementor-widget elementor-widget-text-editor\" data-id=\"14d3ad1\" data-element_type=\"widget\" data-widget_type=\"text-editor.default\">\n\t\t\t\t<div class=\"elementor-widget-container\">\n\t\t\t\t\t\t\t<p>Gemessen unter folgenden Bedingungen: <br \/>*Raumtemperatur 27 \u00b0C, relative Luftfeuchtigkeit 47% Wassereinlasstemperatur 7 \u00b0C, Wasserauslasstemperatur 12 \u00b0C<br \/>**Raumtemperatur 20 \u00b0C, relative Luftfeuchtigkeit 47% Wassereinlasstemperatur 50 \u00b0C<\/p>\t\t\t\t\t\t<\/div>\n\t\t\t\t<\/div>\n\t\t\t\t<div class=\"elementor-element elementor-element-4a5c92c elementor-align-center elementor-mobile-align-center elementor-invisible elementor-widget elementor-widget-button\" data-id=\"4a5c92c\" data-element_type=\"widget\" data-settings=\"{&quot;_animation&quot;:&quot;fadeIn&quot;}\" data-widget_type=\"button.default\">\n\t\t\t\t<div class=\"elementor-widget-container\">\n\t\t\t\t\t<div class=\"elementor-button-wrapper\">\n\t\t\t<a class=\"elementor-button elementor-button-link elementor-size-lg\" href=\"https:\/\/thermannpro.t3.upgates.shop\/p\/nastenny-koupelnovy-fancoil-the-bt400\" target=\"_blank\">\n\t\t\t\t\t\t<span class=\"elementor-button-content-wrapper\">\n\t\t\t\t\t\t<span class=\"elementor-button-text\">Kaufen Sie THE-BT400<\/span>\n\t\t<\/span>\n\t\t\t\t\t<\/a>\n\t\t<\/div>\n\t\t\t\t<\/div>\n\t\t\t\t<\/div>\n\t\t\t\t\t<\/div>\n\t\t<\/div>\n\t\t\t\t<div class=\"elementor-column elementor-col-50 elementor-top-column elementor-element elementor-element-e188847\" data-id=\"e188847\" data-element_type=\"column\" data-settings=\"{&quot;background_background&quot;:&quot;classic&quot;}\">\n\t\t\t<div class=\"elementor-widget-wrap elementor-element-populated\">\n\t\t\t\t\t\t\t\t<div class=\"elementor-element elementor-element-36cae4e elementor-widget elementor-widget-spacer\" data-id=\"36cae4e\" data-element_type=\"widget\" data-widget_type=\"spacer.default\">\n\t\t\t\t<div class=\"elementor-widget-container\">\n\t\t\t\t\t<div class=\"elementor-spacer\">\n\t\t\t<div class=\"elementor-spacer-inner\"><\/div>\n\t\t<\/div>\n\t\t\t\t<\/div>\n\t\t\t\t<\/div>\n\t\t\t\t\t<\/div>\n\t\t<\/div>\n\t\t\t\t\t\t\t<\/div>\n\t\t<\/section>\n\t\t\t\t\t\t\t<\/div>","protected":false},"excerpt":{"rendered":"<p>Koupelnov\u00e9 fancoily Pro\u010d si vybrat tento typ fan coilu? Ide\u00e1ln\u00ed fan coil pro instalaci v koupeln\u011b d\u00edky ochran\u011b IPX4. Jeho pou\u017eit\u00ed znamen\u00e1 zjednodu\u0161en\u00ed vodn\u00edch okruh\u016f, proto\u017ee v\u0161echny okruhy pracuj\u00ed p\u0159i n\u00edzk\u00e9 teplot\u011b vody. Ten typ fan coilu m\u00e1 2-3kr\u00e1t vy\u0161\u0161\u00ed &hellip; <a href=\"https:\/\/www.thermannpro.cz\/de\/sortiment\/fancoily\/koupelnove-fancoily\/\">Mehr lesen<\/a><\/p>","protected":false},"author":3,"featured_media":0,"parent":2578,"menu_order":0,"comment_status":"closed","ping_status":"closed","template":"","meta":{"footnotes":""},"class_list":["post-2658","page","type-page","status-publish","hentry"],"_links":{"self":[{"href":"https:\/\/www.thermannpro.cz\/de\/wp-json\/wp\/v2\/pages\/2658","targetHints":{"allow":["GET"]}}],"collection":[{"href":"https:\/\/www.thermannpro.cz\/de\/wp-json\/wp\/v2\/pages"}],"about":[{"href":"https:\/\/www.thermannpro.cz\/de\/wp-json\/wp\/v2\/types\/page"}],"author":[{"embeddable":true,"href":"https:\/\/www.thermannpro.cz\/de\/wp-json\/wp\/v2\/users\/3"}],"replies":[{"embeddable":true,"href":"https:\/\/www.thermannpro.cz\/de\/wp-json\/wp\/v2\/comments?post=2658"}],"version-history":[{"count":10,"href":"https:\/\/www.thermannpro.cz\/de\/wp-json\/wp\/v2\/pages\/2658\/revisions"}],"predecessor-version":[{"id":2677,"href":"https:\/\/www.thermannpro.cz\/de\/wp-json\/wp\/v2\/pages\/2658\/revisions\/2677"}],"up":[{"embeddable":true,"href":"https:\/\/www.thermannpro.cz\/de\/wp-json\/wp\/v2\/pages\/2578"}],"wp:attachment":[{"href":"https:\/\/www.thermannpro.cz\/de\/wp-json\/wp\/v2\/media?parent=2658"}],"curies":[{"name":"wp","href":"https:\/\/api.w.org\/{rel}","templated":true}]}}