{"id":2832,"date":"2025-01-14T09:30:23","date_gmt":"2025-01-14T08:30:23","guid":{"rendered":"https:\/\/www.thermannpro.cz\/?page_id=2832"},"modified":"2025-09-01T12:38:09","modified_gmt":"2025-09-01T10:38:09","slug":"blog","status":"publish","type":"page","link":"https:\/\/www.thermannpro.cz\/de\/blog\/","title":{"rendered":"Blog"},"content":{"rendered":"<div data-elementor-type=\"wp-page\" data-elementor-id=\"2832\" class=\"elementor elementor-2832\">\n\t\t\t\t\t\t\t\t\t<section class=\"elementor-section elementor-top-section elementor-element elementor-element-5a7900b9 elementor-section-boxed elementor-section-height-default elementor-section-height-default wpr-equal-height-no\" data-id=\"5a7900b9\" data-element_type=\"section\">\n\t\t\t\t\t\t<div class=\"elementor-container elementor-column-gap-default\">\n\t\t\t\t\t<div class=\"elementor-column elementor-col-100 elementor-top-column elementor-element elementor-element-289bc361\" data-id=\"289bc361\" data-element_type=\"column\" data-settings=\"{&quot;background_background&quot;:&quot;classic&quot;}\">\n\t\t\t<div class=\"elementor-widget-wrap elementor-element-populated\">\n\t\t\t\t\t<div class=\"elementor-background-overlay\"><\/div>\n\t\t\t\t\t\t\t\t<div class=\"elementor-element elementor-element-6353df9e elementor-invisible elementor-widget elementor-widget-heading\" data-id=\"6353df9e\" data-element_type=\"widget\" data-settings=\"{&quot;_animation&quot;:&quot;fadeInDown&quot;,&quot;_animation_delay&quot;:&quot;100&quot;}\" data-widget_type=\"heading.default\">\n\t\t\t\t<div class=\"elementor-widget-container\">\n\t\t\t<h1 class=\"elementor-heading-title elementor-size-default\">Blog<\/h1>\t\t<\/div>\n\t\t\t\t<\/div>\n\t\t\t\t\t<\/div>\n\t\t<\/div>\n\t\t\t\t\t\t\t<\/div>\n\t\t<\/section>\n\t\t\t\t<section class=\"elementor-section elementor-top-section elementor-element elementor-element-3f9bc6e elementor-section-boxed elementor-section-height-default elementor-section-height-default wpr-equal-height-no\" data-id=\"3f9bc6e\" data-element_type=\"section\">\n\t\t\t\t\t\t<div class=\"elementor-container elementor-column-gap-default\">\n\t\t\t\t\t<div class=\"elementor-column elementor-col-100 elementor-top-column elementor-element elementor-element-7160c6c6\" data-id=\"7160c6c6\" data-element_type=\"column\">\n\t\t\t<div class=\"elementor-widget-wrap elementor-element-populated\">\n\t\t\t\t\t\t\t\t<div class=\"elementor-element elementor-element-34f7162f elementor-invisible elementor-widget elementor-widget-heading\" data-id=\"34f7162f\" data-element_type=\"widget\" data-settings=\"{&quot;_animation&quot;:&quot;fadeIn&quot;}\" data-widget_type=\"heading.default\">\n\t\t\t\t<div class=\"elementor-widget-container\">\n\t\t\t<h2 class=\"elementor-heading-title elementor-size-default\">Neuigkeiten und interessante Fakten aus der Welt der W\u00e4rmepumpen<\/h2>\t\t<\/div>\n\t\t\t\t<\/div>\n\t\t\t\t\t<\/div>\n\t\t<\/div>\n\t\t\t\t\t\t\t<\/div>\n\t\t<\/section>\n\t\t\t\t<section class=\"elementor-section elementor-top-section elementor-element elementor-element-04876a5 elementor-section-boxed elementor-section-height-default elementor-section-height-default wpr-equal-height-no\" data-id=\"04876a5\" data-element_type=\"section\">\n\t\t\t\t\t\t<div class=\"elementor-container elementor-column-gap-default\">\n\t\t\t\t\t<div class=\"elementor-column elementor-col-100 elementor-top-column elementor-element elementor-element-3f42faf\" data-id=\"3f42faf\" data-element_type=\"column\">\n\t\t\t<div class=\"elementor-widget-wrap elementor-element-populated\">\n\t\t\t\t\t\t\t\t<div class=\"elementor-element elementor-element-1cad70f wpr-grid-columns-2 wpr-grid-columns--tablet2 wpr-grid-columns--mobile1 wpr-grid-pagination-center wpr-item-styles-inner elementor-widget elementor-widget-wpr-grid\" data-id=\"1cad70f\" data-element_type=\"widget\" data-widget_type=\"wpr-grid.default\">\n\t\t\t\t<div class=\"elementor-widget-container\">\n\t\t\t<ul class=\"wpr-grid-filters elementor-clearfix wpr-grid-filters-sep-right\"><li class=\"wpr-pointer-none wpr-pointer-line-fx wpr-pointer-fx-none\"><span  data-filter=\"*\" class=\"wpr-grid-filters-item wpr-active-filter\">Alle Beitr\u00e4ge<\/span><em class=\"wpr-grid-filters-sep\"><\/em><\/li><\/ul><section class=\"wpr-grid elementor-clearfix\" data-settings=\"{&quot;layout&quot;:&quot;fitRows&quot;,&quot;stick_last_element_to_bottom&quot;:&quot;&quot;,&quot;columns_desktop&quot;:&quot;2&quot;,&quot;gutter_hr&quot;:30,&quot;gutter_hr_mobile&quot;:30,&quot;gutter_hr_mobile_extra&quot;:30,&quot;gutter_hr_tablet&quot;:30,&quot;gutter_hr_tablet_extra&quot;:30,&quot;gutter_hr_laptop&quot;:30,&quot;gutter_hr_widescreen&quot;:30,&quot;gutter_vr&quot;:30,&quot;gutter_vr_mobile&quot;:30,&quot;gutter_vr_mobile_extra&quot;:30,&quot;gutter_vr_tablet&quot;:30,&quot;gutter_vr_tablet_extra&quot;:30,&quot;gutter_vr_laptop&quot;:30,&quot;gutter_vr_widescreen&quot;:30,&quot;animation&quot;:&quot;default&quot;,&quot;animation_duration&quot;:0.299999999999999988897769753748434595763683319091796875,&quot;animation_delay&quot;:0.1000000000000000055511151231257827021181583404541015625,&quot;deeplinking&quot;:&quot;&quot;,&quot;filters_linkable&quot;:&quot;no&quot;,&quot;filters_default_filter&quot;:&quot;&quot;,&quot;filters_count&quot;:&quot;&quot;,&quot;filters_hide_empty&quot;:&quot;no&quot;,&quot;filters_animation&quot;:&quot;default&quot;,&quot;filters_animation_duration&quot;:0.299999999999999988897769753748434595763683319091796875,&quot;filters_animation_delay&quot;:0.1000000000000000055511151231257827021181583404541015625,&quot;pagination_type&quot;:&quot;load-more&quot;,&quot;pagination_max_pages&quot;:2,&quot;lightbox&quot;:{&quot;selector&quot;:&quot;.wpr-grid-image-wrap&quot;,&quot;iframeMaxWidth&quot;:&quot;60%&quot;,&quot;hash&quot;:false,&quot;autoplay&quot;:&quot;true&quot;,&quot;pause&quot;:5000,&quot;progressBar&quot;:&quot;true&quot;,&quot;counter&quot;:&quot;true&quot;,&quot;controls&quot;:&quot;true&quot;,&quot;getCaptionFromTitleOrAlt&quot;:&quot;true&quot;,&quot;thumbnail&quot;:&quot;&quot;,&quot;showThumbByDefault&quot;:&quot;&quot;,&quot;share&quot;:&quot;&quot;,&quot;zoom&quot;:&quot;true&quot;,&quot;fullScreen&quot;:&quot;true&quot;,&quot;download&quot;:&quot;true&quot;}}\" data-advanced-filters=\"no\"><article class=\"wpr-grid-item elementor-clearfix post-3692 post type-post status-publish format-standard has-post-thumbnail hentry category-uncategorized\"><div class=\"wpr-grid-item-inner\"><div class=\"wpr-grid-media-wrap wpr-effect-size-medium\" data-overlay-link=\"yes\"><div class=\"wpr-grid-image-wrap\" data-src=\"https:\/\/www.thermannpro.cz\/wp-content\/uploads\/2026\/03\/Blog-prispevek-394x303.jpg\" data-img-on-hover=\"\"  data-src-secondary=\"\"><img decoding=\"async\" data-no-lazy=\"1\" src=\"https:\/\/www.thermannpro.cz\/wp-content\/uploads\/2026\/03\/Blog-prispevek-394x303.jpg\" alt=\"Vizualizace tepeln\u00e9ho \u010derpadla THE-004F1\/R290\" class=\"wpr-anim-timing-ease-default\"><\/div><div class=\"wpr-grid-media-hover wpr-animation-wrap\"><div class=\"wpr-grid-media-hover-bg  wpr-overlay-fade-in wpr-anim-size-large wpr-anim-timing-ease-default wpr-anim-transparency\" data-url=\"https:\/\/www.thermannpro.cz\/de\/blog\/budoucnost-vytapeni-je-green-predstavujeme-novou-radu-tepelnych-cerpadel-thermann-pro\/\"><\/div><\/div><\/div><div class=\"wpr-grid-item-below-content elementor-clearfix\"><h2 class=\"wpr-grid-item-title elementor-repeater-item-6d86b4e wpr-grid-item-display-block wpr-grid-item-align-left wpr-pointer-none wpr-pointer-line-fx wpr-pointer-fx-fade\"><div class=\"inner-block\"><a target=\"_self\"  href=\"https:\/\/www.thermannpro.cz\/de\/blog\/budoucnost-vytapeni-je-green-predstavujeme-novou-radu-tepelnych-cerpadel-thermann-pro\/\">Die Zukunft des Heizens ist gr\u00fcn: Wir pr\u00e4sentieren die neue W\u00e4rmepumpenreihe THERMANN PRO.<\/a><\/div><\/h2><div class=\"wpr-grid-item-excerpt elementor-repeater-item-863ce04 wpr-grid-item-display-block wpr-grid-item-align-left\"><div class=\"inner-block\"><p>In der modernen Technologiewelt bedeutet Stillstand R\u00fcckschritt. Wir bei Thermann Pro sind \u00fcberzeugt, dass wir unseren Kunden L\u00f6sungen bieten m\u00fcssen, die nicht nur zuverl\u00e4ssig, sondern auch auf zuk\u00fcnftige Gesetzes\u00e4nderungen vorbereitet sind. Deshalb freuen wir uns, die Erweiterung unseres Angebots bekanntzugeben\u2026.<\/p><\/div><\/div><div class=\"wpr-grid-item-read-more elementor-repeater-item-9df0b3d wpr-grid-item-display-block wpr-grid-item-align-left\"><div class=\"inner-block\"><a target=\"_self\" href=\"https:\/\/www.thermannpro.cz\/de\/blog\/budoucnost-vytapeni-je-green-predstavujeme-novou-radu-tepelnych-cerpadel-thermann-pro\/\" class=\"wpr-button-effect wpr-button-none\"><span>Mehr anzeigen...<\/span><\/a><\/div><\/div><\/div><\/div><\/article><article class=\"wpr-grid-item elementor-clearfix post-3619 post type-post status-publish format-standard has-post-thumbnail hentry category-uncategorized\"><div class=\"wpr-grid-item-inner\"><div class=\"wpr-grid-media-wrap wpr-effect-size-medium\" data-overlay-link=\"yes\"><div class=\"wpr-grid-image-wrap\" data-src=\"https:\/\/www.thermannpro.cz\/wp-content\/uploads\/2025\/12\/Vizualizace-TC-a-fancoil-Thermann-394x303.png\" data-img-on-hover=\"\"  data-src-secondary=\"\"><img decoding=\"async\" data-no-lazy=\"1\" src=\"https:\/\/www.thermannpro.cz\/wp-content\/uploads\/2025\/12\/Vizualizace-TC-a-fancoil-Thermann-394x303.png\" alt=\"Star\u00fd d\u016fm, nov\u00e9 teplo: Jde to i bez toho, abyste museli \u201erozkopat\u201c celou budovu\" class=\"wpr-anim-timing-ease-default\"><\/div><div class=\"wpr-grid-media-hover wpr-animation-wrap\"><div class=\"wpr-grid-media-hover-bg  wpr-overlay-fade-in wpr-anim-size-large wpr-anim-timing-ease-default wpr-anim-transparency\" data-url=\"https:\/\/www.thermannpro.cz\/de\/blog\/stary-dum-nove-teplo-jde-to-i-bez-toho-abyste-museli-rozkopat-celou-budovu\/\"><\/div><\/div><\/div><div class=\"wpr-grid-item-below-content elementor-clearfix\"><h2 class=\"wpr-grid-item-title elementor-repeater-item-6d86b4e wpr-grid-item-display-block wpr-grid-item-align-left wpr-pointer-none wpr-pointer-line-fx wpr-pointer-fx-fade\"><div class=\"inner-block\"><a target=\"_self\"  href=\"https:\/\/www.thermannpro.cz\/de\/blog\/stary-dum-nove-teplo-jde-to-i-bez-toho-abyste-museli-rozkopat-celou-budovu\/\">Altes Haus, neue W\u00e4rme: Das ist m\u00f6glich, ohne das gesamte Geb\u00e4ude \u201eausgraben\u201c zu m\u00fcssen.<\/a><\/div><\/h2><div class=\"wpr-grid-item-excerpt elementor-repeater-item-863ce04 wpr-grid-item-display-block wpr-grid-item-align-left\"><div class=\"inner-block\"><p>Sie schauen auf Ihre Heizkostenabrechnung, h\u00f6ren dem alten Heizkessel zu und wissen, dass eine Ver\u00e4nderung unausweichlich ist. Doch dann kommt der zweite Gedanke: \u201eIch werde jetzt nicht gleich W\u00e4nde aufrei\u00dfen und B\u00f6den rausrei\u00dfen. Ich warte lieber noch einen Winter ab.\u201c Die Idee, die Heizung zu sanieren \u2026.<\/p><\/div><\/div><div class=\"wpr-grid-item-read-more elementor-repeater-item-9df0b3d wpr-grid-item-display-block wpr-grid-item-align-left\"><div class=\"inner-block\"><a target=\"_self\" href=\"https:\/\/www.thermannpro.cz\/de\/blog\/stary-dum-nove-teplo-jde-to-i-bez-toho-abyste-museli-rozkopat-celou-budovu\/\" class=\"wpr-button-effect wpr-button-none\"><span>Mehr anzeigen...<\/span><\/a><\/div><\/div><\/div><\/div><\/article><article class=\"wpr-grid-item elementor-clearfix post-3608 post type-post status-publish format-standard has-post-thumbnail hentry category-uncategorized\"><div class=\"wpr-grid-item-inner\"><div class=\"wpr-grid-media-wrap wpr-effect-size-medium\" data-overlay-link=\"yes\"><div class=\"wpr-grid-image-wrap\" data-src=\"https:\/\/www.thermannpro.cz\/wp-content\/uploads\/2025\/10\/ChatGPT-Image-17.-10.-2025-08_48_29-1.png\" data-img-on-hover=\"\"  data-src-secondary=\"\"><img decoding=\"async\" data-no-lazy=\"1\" src=\"https:\/\/www.thermannpro.cz\/wp-content\/uploads\/2025\/10\/ChatGPT-Image-17.-10.-2025-08_48_29-1.png\" alt=\"Chytr\u00e9 \u0159\u00edzen\u00ed tepeln\u00e9ho \u010derpadla: jak z dat vznik\u00e1 \u00faspora energie\" class=\"wpr-anim-timing-ease-default\"><\/div><div class=\"wpr-grid-media-hover wpr-animation-wrap\"><div class=\"wpr-grid-media-hover-bg  wpr-overlay-fade-in wpr-anim-size-large wpr-anim-timing-ease-default wpr-anim-transparency\" data-url=\"https:\/\/www.thermannpro.cz\/de\/blog\/chytre-rizeni-tepelneho-cerpadla-jak-z-dat-vznika-uspora-energie\/\"><\/div><\/div><\/div><div class=\"wpr-grid-item-below-content elementor-clearfix\"><h2 class=\"wpr-grid-item-title elementor-repeater-item-6d86b4e wpr-grid-item-display-block wpr-grid-item-align-left wpr-pointer-none wpr-pointer-line-fx wpr-pointer-fx-fade\"><div class=\"inner-block\"><a target=\"_self\"  href=\"https:\/\/www.thermannpro.cz\/de\/blog\/chytre-rizeni-tepelneho-cerpadla-jak-z-dat-vznika-uspora-energie\/\">Intelligente W\u00e4rmepumpensteuerung: Wie Daten Energieeinsparungen erm\u00f6glichen<\/a><\/div><\/h2><div class=\"wpr-grid-item-excerpt elementor-repeater-item-863ce04 wpr-grid-item-display-block wpr-grid-item-align-left\"><div class=\"inner-block\"><p>Heizung und Warmwasser machen mehr als die H\u00e4lfte des Energieverbrauchs in europ\u00e4ischen Geb\u00e4uden aus. Um Kosten und Emissionen zu senken, reicht eine effiziente W\u00e4rmepumpe nicht aus \u2013 intelligente Steuerung ist der Schl\u00fcssel. Was die modellpr\u00e4diktive Regelung (MPC) leistet, zeigt eine aktuelle Studie des RES4BUILD-Projekts\u2026.<\/p><\/div><\/div><div class=\"wpr-grid-item-read-more elementor-repeater-item-9df0b3d wpr-grid-item-display-block wpr-grid-item-align-left\"><div class=\"inner-block\"><a target=\"_self\" href=\"https:\/\/www.thermannpro.cz\/de\/blog\/chytre-rizeni-tepelneho-cerpadla-jak-z-dat-vznika-uspora-energie\/\" class=\"wpr-button-effect wpr-button-none\"><span>Mehr anzeigen...<\/span><\/a><\/div><\/div><\/div><\/div><\/article><article class=\"wpr-grid-item elementor-clearfix post-3469 post type-post status-publish format-standard has-post-thumbnail hentry category-uncategorized\"><div class=\"wpr-grid-item-inner\"><div class=\"wpr-grid-media-wrap wpr-effect-size-medium\" data-overlay-link=\"yes\"><div class=\"wpr-grid-image-wrap\" data-src=\"https:\/\/www.thermannpro.cz\/wp-content\/uploads\/2025\/09\/Reverso-HW_inst5-kopie-394x303.jpg\" data-img-on-hover=\"\"  data-src-secondary=\"\"><img decoding=\"async\" data-no-lazy=\"1\" src=\"https:\/\/www.thermannpro.cz\/wp-content\/uploads\/2025\/09\/Reverso-HW_inst5-kopie-394x303.jpg\" alt=\"Chytr\u00e1 kontrola teploty: Pro\u010d na n\u00ed z\u00e1le\u017e\u00ed a jak v\u00e1m pom\u016f\u017eou \u010derpadla Thermannpro\" class=\"wpr-anim-timing-ease-default\"><\/div><div class=\"wpr-grid-media-hover wpr-animation-wrap\"><div class=\"wpr-grid-media-hover-bg  wpr-overlay-fade-in wpr-anim-size-large wpr-anim-timing-ease-default wpr-anim-transparency\" data-url=\"https:\/\/www.thermannpro.cz\/de\/blog\/chytra-kontrola-teploty-proc-na-ni-zalezi-a-jak-vam-pomuzou-cerpadla-thermannpro\/\"><\/div><\/div><\/div><div class=\"wpr-grid-item-below-content elementor-clearfix\"><h2 class=\"wpr-grid-item-title elementor-repeater-item-6d86b4e wpr-grid-item-display-block wpr-grid-item-align-left wpr-pointer-none wpr-pointer-line-fx wpr-pointer-fx-fade\"><div class=\"inner-block\"><a target=\"_self\"  href=\"https:\/\/www.thermannpro.cz\/de\/blog\/chytra-kontrola-teploty-proc-na-ni-zalezi-a-jak-vam-pomuzou-cerpadla-thermannpro\/\">Intelligente Temperaturregelung: Warum sie wichtig ist und wie Thermannpro-Pumpen Ihnen helfen k\u00f6nnen<\/a><\/div><\/h2><div class=\"wpr-grid-item-excerpt elementor-repeater-item-863ce04 wpr-grid-item-display-block wpr-grid-item-align-left\"><div class=\"inner-block\"><p>Die richtige Raumtemperatur beeinflusst Schlaf, Gesundheit und Leistungsf\u00e4higkeit. Ob zu Hause oder im B\u00fcro \u2013 thermischer Komfort ist entscheidend. Warum die Temperatur so wichtig ist. L\u00f6sung: Thermannpro W\u00e4rmepumpen + Gebl\u00e4sekonvektoren. Unsere Thermannpro W\u00e4rmepumpen sind nicht nur eine effiziente W\u00e4rmequelle \u2026.<\/p><\/div><\/div><div class=\"wpr-grid-item-read-more elementor-repeater-item-9df0b3d wpr-grid-item-display-block wpr-grid-item-align-left\"><div class=\"inner-block\"><a target=\"_self\" href=\"https:\/\/www.thermannpro.cz\/de\/blog\/chytra-kontrola-teploty-proc-na-ni-zalezi-a-jak-vam-pomuzou-cerpadla-thermannpro\/\" class=\"wpr-button-effect wpr-button-none\"><span>Mehr anzeigen...<\/span><\/a><\/div><\/div><\/div><\/div><\/article><article class=\"wpr-grid-item elementor-clearfix post-3417 post type-post status-publish format-standard has-post-thumbnail hentry category-uncategorized\"><div class=\"wpr-grid-item-inner\"><div class=\"wpr-grid-media-wrap wpr-effect-size-medium\" data-overlay-link=\"yes\"><div class=\"wpr-grid-image-wrap\" data-src=\"https:\/\/www.thermannpro.cz\/wp-content\/uploads\/2025\/08\/emisni-povolenky-ets-394x303.jpg\" data-img-on-hover=\"\"  data-src-secondary=\"\"><img decoding=\"async\" data-no-lazy=\"1\" src=\"https:\/\/www.thermannpro.cz\/wp-content\/uploads\/2025\/08\/emisni-povolenky-ets-394x303.jpg\" alt=\"ETS 2: Co p\u0159inese nov\u00fd syst\u00e9m emisn\u00edch povolenek dom\u00e1cnostem?\" class=\"wpr-anim-timing-ease-default\"><\/div><div class=\"wpr-grid-media-hover wpr-animation-wrap\"><div class=\"wpr-grid-media-hover-bg  wpr-overlay-fade-in wpr-anim-size-large wpr-anim-timing-ease-default wpr-anim-transparency\" data-url=\"https:\/\/www.thermannpro.cz\/de\/blog\/ets-2-co-prinese-novy-system-emisnich-povolenek-domacnostem\/\"><\/div><\/div><\/div><div class=\"wpr-grid-item-below-content elementor-clearfix\"><h2 class=\"wpr-grid-item-title elementor-repeater-item-6d86b4e wpr-grid-item-display-block wpr-grid-item-align-left wpr-pointer-none wpr-pointer-line-fx wpr-pointer-fx-fade\"><div class=\"inner-block\"><a target=\"_self\"  href=\"https:\/\/www.thermannpro.cz\/de\/blog\/ets-2-co-prinese-novy-system-emisnich-povolenek-domacnostem\/\">ETS 2: Was bringt das neue Emissionszertifikatsystem den Haushalten?<\/a><\/div><\/h2><div class=\"wpr-grid-item-excerpt elementor-repeater-item-863ce04 wpr-grid-item-display-block wpr-grid-item-align-left\"><div class=\"inner-block\"><p>Ab 2027 f\u00fchrt die EU mit ETS 2 ein neues Emissionshandelssystem ein, das auch Haushalte und den Verkehrssektor betrifft. Anbieter von Gas, Kohle, Benzin und Diesel m\u00fcssen Zertifikate erwerben, was zu h\u00f6heren Preisen f\u00fcr Endkunden f\u00fchrt. Erwartete Preiserh\u00f6hungen: Ziel ist\u2026.<\/p><\/div><\/div><div class=\"wpr-grid-item-read-more elementor-repeater-item-9df0b3d wpr-grid-item-display-block wpr-grid-item-align-left\"><div class=\"inner-block\"><a target=\"_self\" href=\"https:\/\/www.thermannpro.cz\/de\/blog\/ets-2-co-prinese-novy-system-emisnich-povolenek-domacnostem\/\" class=\"wpr-button-effect wpr-button-none\"><span>Mehr anzeigen...<\/span><\/a><\/div><\/div><\/div><\/div><\/article><article class=\"wpr-grid-item elementor-clearfix post-3403 post type-post status-publish format-standard has-post-thumbnail hentry category-uncategorized\"><div class=\"wpr-grid-item-inner\"><div class=\"wpr-grid-media-wrap wpr-effect-size-medium\" data-overlay-link=\"yes\"><div class=\"wpr-grid-image-wrap\" data-src=\"https:\/\/www.thermannpro.cz\/wp-content\/uploads\/2025\/07\/IMG_3165-394x303.jpg\" data-img-on-hover=\"\"  data-src-secondary=\"\"><img decoding=\"async\" data-no-lazy=\"1\" src=\"https:\/\/www.thermannpro.cz\/wp-content\/uploads\/2025\/07\/IMG_3165-394x303.jpg\" alt=\"Hork\u00e9 dny nemus\u00ed znamenat rozp\u00e1len\u00fd domov. \u0158e\u0161en\u00ed? Tepeln\u00e9 \u010derpadlo, kter\u00e9 i chlad\u00ed\" class=\"wpr-anim-timing-ease-default\"><\/div><div class=\"wpr-grid-media-hover wpr-animation-wrap\"><div class=\"wpr-grid-media-hover-bg  wpr-overlay-fade-in wpr-anim-size-large wpr-anim-timing-ease-default wpr-anim-transparency\" data-url=\"https:\/\/www.thermannpro.cz\/de\/blog\/horke-dny-nemusi-znamenat-rozpaleny-domov-reseni-tepelne-cerpadlo-ktere-i-chladi\/\"><\/div><\/div><\/div><div class=\"wpr-grid-item-below-content elementor-clearfix\"><h2 class=\"wpr-grid-item-title elementor-repeater-item-6d86b4e wpr-grid-item-display-block wpr-grid-item-align-left wpr-pointer-none wpr-pointer-line-fx wpr-pointer-fx-fade\"><div class=\"inner-block\"><a target=\"_self\"  href=\"https:\/\/www.thermannpro.cz\/de\/blog\/horke-dny-nemusi-znamenat-rozpaleny-domov-reseni-tepelne-cerpadlo-ktere-i-chladi\/\">Hei\u00dfe Tage bedeuten nicht zwangsl\u00e4ufig ein hei\u00dfes Zuhause. Die L\u00f6sung? Eine W\u00e4rmepumpe, die auch k\u00fchlt.<\/a><\/div><\/h2><div class=\"wpr-grid-item-excerpt elementor-repeater-item-863ce04 wpr-grid-item-display-block wpr-grid-item-align-left\"><div class=\"inner-block\"><p>Der Sommer ist in vollem Gange und die Temperaturen steigen. W\u00e4hrend drau\u00dfen tropische Hitze herrscht, k\u00f6nnen Sie es sich zu Hause angenehm k\u00fchl machen \u2013 ganz ohne laute Klimaanlage, unn\u00f6tige Kosten oder unangenehme Zugluft. Wie? Die L\u00f6sung ist die Thermannpro W\u00e4rmepumpe, die noch viel mehr kann\u2026.<\/p><\/div><\/div><div class=\"wpr-grid-item-read-more elementor-repeater-item-9df0b3d wpr-grid-item-display-block wpr-grid-item-align-left\"><div class=\"inner-block\"><a target=\"_self\" href=\"https:\/\/www.thermannpro.cz\/de\/blog\/horke-dny-nemusi-znamenat-rozpaleny-domov-reseni-tepelne-cerpadlo-ktere-i-chladi\/\" class=\"wpr-button-effect wpr-button-none\"><span>Mehr anzeigen...<\/span><\/a><\/div><\/div><\/div><\/div><\/article><article class=\"wpr-grid-item elementor-clearfix post-3396 post type-post status-publish format-standard has-post-thumbnail hentry category-uncategorized\"><div class=\"wpr-grid-item-inner\"><div class=\"wpr-grid-media-wrap wpr-effect-size-medium\" data-overlay-link=\"yes\"><div class=\"wpr-grid-image-wrap\" data-src=\"https:\/\/www.thermannpro.cz\/wp-content\/uploads\/2025\/06\/Hydrovez-394x303.jpg\" data-img-on-hover=\"\"  data-src-secondary=\"\"><img decoding=\"async\" data-no-lazy=\"1\" src=\"https:\/\/www.thermannpro.cz\/wp-content\/uploads\/2025\/06\/Hydrovez-394x303.jpg\" alt=\"Tepeln\u00e9 \u010derpadlo s oh\u0159evem TUV (tepl\u00e9 u\u017eitkov\u00e9 vody): Dv\u011b funkce, jeden p\u0159\u00edstroj\" class=\"wpr-anim-timing-ease-default\"><\/div><div class=\"wpr-grid-media-hover wpr-animation-wrap\"><div class=\"wpr-grid-media-hover-bg  wpr-overlay-fade-in wpr-anim-size-large wpr-anim-timing-ease-default wpr-anim-transparency\" data-url=\"https:\/\/www.thermannpro.cz\/de\/blog\/tepelne-cerpadlo-s-ohrevem-tuv-teple-uzitkove-vody-dve-funkce-jeden-pristroj\/\"><\/div><\/div><\/div><div class=\"wpr-grid-item-below-content elementor-clearfix\"><h2 class=\"wpr-grid-item-title elementor-repeater-item-6d86b4e wpr-grid-item-display-block wpr-grid-item-align-left wpr-pointer-none wpr-pointer-line-fx wpr-pointer-fx-fade\"><div class=\"inner-block\"><a target=\"_self\"  href=\"https:\/\/www.thermannpro.cz\/de\/blog\/tepelne-cerpadlo-s-ohrevem-tuv-teple-uzitkove-vody-dve-funkce-jeden-pristroj\/\">W\u00e4rmepumpe mit Warmwasserbereitung: Zwei Funktionen, ein Ger\u00e4t<\/a><\/div><\/h2><div class=\"wpr-grid-item-excerpt elementor-repeater-item-863ce04 wpr-grid-item-display-block wpr-grid-item-align-left\"><div class=\"inner-block\"><p>Suchen Sie eine wirtschaftliche und intelligente L\u00f6sung f\u00fcr Heizung und Warmwasserbereitung? Eine W\u00e4rmepumpe mit Hydroturm, die \u00fcber eine integrierte Warmwasserbereitung und einen Speicher f\u00fcr das Heizsystem verf\u00fcgt, vereint zwei Ger\u00e4te in einem \u2013 sie heizt und erw\u00e4rmt Wasser f\u00fcr den t\u00e4glichen Gebrauch.<\/p><\/div><\/div><div class=\"wpr-grid-item-read-more elementor-repeater-item-9df0b3d wpr-grid-item-display-block wpr-grid-item-align-left\"><div class=\"inner-block\"><a target=\"_self\" href=\"https:\/\/www.thermannpro.cz\/de\/blog\/tepelne-cerpadlo-s-ohrevem-tuv-teple-uzitkove-vody-dve-funkce-jeden-pristroj\/\" class=\"wpr-button-effect wpr-button-none\"><span>Mehr anzeigen...<\/span><\/a><\/div><\/div><\/div><\/div><\/article><article class=\"wpr-grid-item elementor-clearfix post-3363 post type-post status-publish format-standard has-post-thumbnail hentry category-uncategorized\"><div class=\"wpr-grid-item-inner\"><div class=\"wpr-grid-media-wrap wpr-effect-size-medium\" data-overlay-link=\"yes\"><div class=\"wpr-grid-image-wrap\" data-src=\"https:\/\/www.thermannpro.cz\/wp-content\/uploads\/2025\/05\/a13c2ecb-55fc-4c3f-803c-fb21d9d7c28a-394x303.png\" data-img-on-hover=\"\"  data-src-secondary=\"\"><img decoding=\"async\" data-no-lazy=\"1\" src=\"https:\/\/www.thermannpro.cz\/wp-content\/uploads\/2025\/05\/a13c2ecb-55fc-4c3f-803c-fb21d9d7c28a-394x303.png\" alt=\"Tepl\u00e1 voda t\u00e9m\u011b\u0159 zadarmo? Fotovoltaika a tepeln\u00e9 \u010derpadlo jako ide\u00e1ln\u00ed spojen\u00ed\" class=\"wpr-anim-timing-ease-default\"><\/div><div class=\"wpr-grid-media-hover wpr-animation-wrap\"><div class=\"wpr-grid-media-hover-bg  wpr-overlay-fade-in wpr-anim-size-large wpr-anim-timing-ease-default wpr-anim-transparency\" data-url=\"https:\/\/www.thermannpro.cz\/de\/blog\/tepla-voda-temer-zadarmo-fotovoltaika-a-tepelne-cerpadlo-jako-idealni-spojeni\/\"><\/div><\/div><\/div><div class=\"wpr-grid-item-below-content elementor-clearfix\"><h2 class=\"wpr-grid-item-title elementor-repeater-item-6d86b4e wpr-grid-item-display-block wpr-grid-item-align-left wpr-pointer-none wpr-pointer-line-fx wpr-pointer-fx-fade\"><div class=\"inner-block\"><a target=\"_self\"  href=\"https:\/\/www.thermannpro.cz\/de\/blog\/tepla-voda-temer-zadarmo-fotovoltaika-a-tepelne-cerpadlo-jako-idealni-spojeni\/\">Warmwasser fast kostenlos? Photovoltaik und W\u00e4rmepumpe als ideale Kombination<\/a><\/div><\/h2><div class=\"wpr-grid-item-excerpt elementor-repeater-item-863ce04 wpr-grid-item-display-block wpr-grid-item-align-left\"><div class=\"inner-block\"><p>Die Kombination aus Photovoltaik und W\u00e4rmepumpe bietet eine hervorragende M\u00f6glichkeit, die Kosten f\u00fcr die Warmwasserbereitung zu senken und gleichzeitig die Energieautarkie eines Geb\u00e4udes zu erh\u00f6hen. In der Praxis funktioniert dies, indem Sonnenenergie genutzt wird, um Wasser zu erw\u00e4rmen, das in Tanks gespeichert wird und\u2026.<\/p><\/div><\/div><div class=\"wpr-grid-item-read-more elementor-repeater-item-9df0b3d wpr-grid-item-display-block wpr-grid-item-align-left\"><div class=\"inner-block\"><a target=\"_self\" href=\"https:\/\/www.thermannpro.cz\/de\/blog\/tepla-voda-temer-zadarmo-fotovoltaika-a-tepelne-cerpadlo-jako-idealni-spojeni\/\" class=\"wpr-button-effect wpr-button-none\"><span>Mehr anzeigen...<\/span><\/a><\/div><\/div><\/div><\/div><\/article><article class=\"wpr-grid-item elementor-clearfix post-3321 post type-post status-publish format-standard has-post-thumbnail hentry category-uncategorized\"><div class=\"wpr-grid-item-inner\"><div class=\"wpr-grid-media-wrap wpr-effect-size-medium\" data-overlay-link=\"yes\"><div class=\"wpr-grid-image-wrap\" data-src=\"https:\/\/www.thermannpro.cz\/wp-content\/uploads\/2025\/04\/otazniky-394x303.jpg\" data-img-on-hover=\"\"  data-src-secondary=\"\"><img decoding=\"async\" data-no-lazy=\"1\" src=\"https:\/\/www.thermannpro.cz\/wp-content\/uploads\/2025\/04\/otazniky-394x303.jpg\" alt=\"5 ot\u00e1zek o tepeln\u00fdch \u010derpadlech: Pro\u010d se vyplat\u00ed?\" class=\"wpr-anim-timing-ease-default\"><\/div><div class=\"wpr-grid-media-hover wpr-animation-wrap\"><div class=\"wpr-grid-media-hover-bg  wpr-overlay-fade-in wpr-anim-size-large wpr-anim-timing-ease-default wpr-anim-transparency\" data-url=\"https:\/\/www.thermannpro.cz\/de\/blog\/5-otazek-o-tepelnych-cerpadlech-proc-se-vyplati\/\"><\/div><\/div><\/div><div class=\"wpr-grid-item-below-content elementor-clearfix\"><h2 class=\"wpr-grid-item-title elementor-repeater-item-6d86b4e wpr-grid-item-display-block wpr-grid-item-align-left wpr-pointer-none wpr-pointer-line-fx wpr-pointer-fx-fade\"><div class=\"inner-block\"><a target=\"_self\"  href=\"https:\/\/www.thermannpro.cz\/de\/blog\/5-otazek-o-tepelnych-cerpadlech-proc-se-vyplati\/\">5 Fragen zu W\u00e4rmepumpen: Warum lohnen sie sich?<\/a><\/div><\/h2><div class=\"wpr-grid-item-excerpt elementor-repeater-item-863ce04 wpr-grid-item-display-block wpr-grid-item-align-left\"><div class=\"inner-block\"><p>W\u00e4rmepumpen erfreuen sich immer gr\u00f6\u00dferer Beliebtheit als Heizl\u00f6sung f\u00fcr Wohnh\u00e4user \u2013 und das aus gutem Grund. Sie sind wirtschaftlich, umweltfreundlich und bieten langfristige finanzielle Vorteile. Wenn Sie die Anschaffung einer W\u00e4rmepumpe erw\u00e4gen, beantworten wir hier f\u00fcnf der h\u00e4ufigsten Fragen. 1. Lohnt sich die Anschaffung?.<\/p><\/div><\/div><div class=\"wpr-grid-item-read-more elementor-repeater-item-9df0b3d wpr-grid-item-display-block wpr-grid-item-align-left\"><div class=\"inner-block\"><a target=\"_self\" href=\"https:\/\/www.thermannpro.cz\/de\/blog\/5-otazek-o-tepelnych-cerpadlech-proc-se-vyplati\/\" class=\"wpr-button-effect wpr-button-none\"><span>Mehr anzeigen...<\/span><\/a><\/div><\/div><\/div><\/div><\/article><article class=\"wpr-grid-item elementor-clearfix post-3102 post type-post status-publish format-standard has-post-thumbnail hentry category-uncategorized\"><div class=\"wpr-grid-item-inner\"><div class=\"wpr-grid-media-wrap wpr-effect-size-medium\" data-overlay-link=\"yes\"><div class=\"wpr-grid-image-wrap\" data-src=\"https:\/\/www.thermannpro.cz\/wp-content\/uploads\/2025\/03\/023904o7-394x303.jpg\" data-img-on-hover=\"\"  data-src-secondary=\"\"><img decoding=\"async\" data-no-lazy=\"1\" src=\"https:\/\/www.thermannpro.cz\/wp-content\/uploads\/2025\/03\/023904o7-394x303.jpg\" alt=\"Tepeln\u00e9 \u010derpadlo se te\u010f vyplat\u00ed hlavn\u011b lidem se star\u00fdm plynov\u00fdm kotlem\" class=\"wpr-anim-timing-ease-default\"><\/div><div class=\"wpr-grid-media-hover wpr-animation-wrap\"><div class=\"wpr-grid-media-hover-bg  wpr-overlay-fade-in wpr-anim-size-large wpr-anim-timing-ease-default wpr-anim-transparency\" data-url=\"https:\/\/www.thermannpro.cz\/de\/blog\/tepelne-cerpadlo-se-ted-vyplati-hlavne-lidem-se-starym-plynovym-kotlem\/\"><\/div><\/div><\/div><div class=\"wpr-grid-item-below-content elementor-clearfix\"><h2 class=\"wpr-grid-item-title elementor-repeater-item-6d86b4e wpr-grid-item-display-block wpr-grid-item-align-left wpr-pointer-none wpr-pointer-line-fx wpr-pointer-fx-fade\"><div class=\"inner-block\"><a target=\"_self\"  href=\"https:\/\/www.thermannpro.cz\/de\/blog\/tepelne-cerpadlo-se-ted-vyplati-hlavne-lidem-se-starym-plynovym-kotlem\/\">Eine W\u00e4rmepumpe lohnt sich heutzutage haupts\u00e4chlich f\u00fcr diejenigen, die noch eine alte Gasheizung haben.<\/a><\/div><\/h2><div class=\"wpr-grid-item-excerpt elementor-repeater-item-863ce04 wpr-grid-item-display-block wpr-grid-item-align-left\"><div class=\"inner-block\"><p>Ab September 2024 ist der Betrieb alter Festbrennstoffkessel verboten, was das Interesse an W\u00e4rmepumpen verst\u00e4rkt hat. Sie eignen sich ideal f\u00fcr H\u00e4user mit \u00e4lteren Gasheizungen. Zuk\u00fcnftig k\u00f6nnten sie sogar vorteilhafter sein als Kohle, die aufgrund von Emissionszertifikaten teurer wird. Die W\u00e4rmepumpen sind...<\/p><\/div><\/div><div class=\"wpr-grid-item-read-more elementor-repeater-item-9df0b3d wpr-grid-item-display-block wpr-grid-item-align-left\"><div class=\"inner-block\"><a target=\"_self\" href=\"https:\/\/www.thermannpro.cz\/de\/blog\/tepelne-cerpadlo-se-ted-vyplati-hlavne-lidem-se-starym-plynovym-kotlem\/\" class=\"wpr-button-effect wpr-button-none\"><span>Mehr anzeigen...<\/span><\/a><\/div><\/div><\/div><\/div><\/article><\/section><div class=\"wpr-grid-pagination elementor-clearfix wpr-grid-pagination-load-more\" data-pages=\"2\"><a href=\"https:\/\/www.thermannpro.cz\/de\/wp-json\/wp\/v2\/pages\/2832\/page\/2\/\" class=\"wpr-load-more-btn\" data-e-disable-page-transition>Mehr anzeigen<\/a><div class=\"wpr-pagination-loading\"><div class=\"wpr-double-bounce\"><div class=\"wpr-child wpr-double-bounce1\"><\/div><div class=\"wpr-child wpr-double-bounce2\"><\/div><\/div><\/div><p class=\"wpr-pagination-finish\">Ende des Inhalts<\/p><\/div>\t\t<\/div>\n\t\t\t\t<\/div>\n\t\t\t\t\t<\/div>\n\t\t<\/div>\n\t\t\t\t\t\t\t<\/div>\n\t\t<\/section>\n\t\t\t\t\t\t\t<\/div>","protected":false},"excerpt":{"rendered":"<p>Blog Novinky a zaj\u00edmavosti ze sv\u011bta tepeln\u00fdch \u010derpadel All Posts ETS 2: Co p\u0159inese nov\u00fd syst\u00e9m emisn\u00edch povolenek dom\u00e1cnostem? Od roku 2027 zav\u00e1d\u00ed EU nov\u00fd syst\u00e9m emisn\u00edch povolenek ETS 2, kter\u00fd nov\u011b zas\u00e1hne i dom\u00e1cnosti a dopravu. Dodavatel\u00e9 plynu, uhl\u00ed, &hellip; <a href=\"https:\/\/www.thermannpro.cz\/de\/blog\/tepelne-cerpadlo-se-ted-vyplati-hlavne-lidem-se-starym-plynovym-kotlem\/\">Mehr lesen<\/a><\/p>","protected":false},"author":3,"featured_media":0,"parent":0,"menu_order":0,"comment_status":"closed","ping_status":"closed","template":"","meta":{"footnotes":""},"class_list":["post-2832","page","type-page","status-publish","hentry"],"_links":{"self":[{"href":"https:\/\/www.thermannpro.cz\/de\/wp-json\/wp\/v2\/pages\/2832","targetHints":{"allow":["GET"]}}],"collection":[{"href":"https:\/\/www.thermannpro.cz\/de\/wp-json\/wp\/v2\/pages"}],"about":[{"href":"https:\/\/www.thermannpro.cz\/de\/wp-json\/wp\/v2\/types\/page"}],"author":[{"embeddable":true,"href":"https:\/\/www.thermannpro.cz\/de\/wp-json\/wp\/v2\/users\/3"}],"replies":[{"embeddable":true,"href":"https:\/\/www.thermannpro.cz\/de\/wp-json\/wp\/v2\/comments?post=2832"}],"version-history":[{"count":22,"href":"https:\/\/www.thermannpro.cz\/de\/wp-json\/wp\/v2\/pages\/2832\/revisions"}],"predecessor-version":[{"id":3468,"href":"https:\/\/www.thermannpro.cz\/de\/wp-json\/wp\/v2\/pages\/2832\/revisions\/3468"}],"wp:attachment":[{"href":"https:\/\/www.thermannpro.cz\/de\/wp-json\/wp\/v2\/media?parent=2832"}],"curies":[{"name":"wp","href":"https:\/\/api.w.org\/{rel}","templated":true}]}}